{"id":1367,"date":"2022-11-10T17:24:37","date_gmt":"2022-11-10T17:24:37","guid":{"rendered":"https:\/\/opv.cloudnine.com.do\/a-propos-de-nous\/"},"modified":"2025-02-12T21:22:22","modified_gmt":"2025-02-12T21:22:22","slug":"qui-sommes-nous","status":"publish","type":"page","link":"https:\/\/www.oirparavivir.com\/fr\/qui-sommes-nous\/","title":{"rendered":"Qui Sommes-nous"},"content":{"rendered":"<p>[et_pb_section fb_built=\u00a0\u00bb1&Prime; next_background_color=\u00a0\u00bb#ffffff\u00a0\u00bb admin_label=\u00a0\u00bbHeader\u00a0\u00bb _builder_version=\u00a0\u00bb4.19.0&Prime; _module_preset=\u00a0\u00bbdefault\u00a0\u00bb background_image=\u00a0\u00bbhttps:\/\/www.oirparavivir.com\/wp-content\/uploads\/2022\/11\/photo-stock-oir-para-vivir-2-banner-about.jpg\u00a0\u00bb custom_padding=\u00a0\u00bb7vw||7vw||true|false\u00a0\u00bb bottom_divider_style=\u00a0\u00bbmountains\u00a0\u00bb bottom_divider_height=\u00a0\u00bb5vw\u00a0\u00bb bottom_divider_flip=\u00a0\u00bbhorizontal\u00a0\u00bb locked=\u00a0\u00bboff\u00a0\u00bb global_colors_info=\u00a0\u00bb{}\u00a0\u00bb][et_pb_row _builder_version=\u00a0\u00bb4.19.0&Prime; _module_preset=\u00a0\u00bbdefault\u00a0\u00bb global_colors_info=\u00a0\u00bb{}\u00a0\u00bb][et_pb_column type=\u00a0\u00bb4_4&Prime; _builder_version=\u00a0\u00bb4.19.0&Prime; _module_preset=\u00a0\u00bbdefault\u00a0\u00bb global_colors_info=\u00a0\u00bb{}\u00a0\u00bb][et_pb_text _builder_version=\u00a0\u00bb4.19.0&Prime; _dynamic_attributes=\u00a0\u00bbcontent\u00a0\u00bb _module_preset=\u00a0\u00bbd5dbb5d4-7ec7-4306-b6c5-1435f277faf4&Prime; text_text_color=\u00a0\u00bb#FFFFFF\u00a0\u00bb header_font=\u00a0\u00bbCandal||||||||\u00a0\u00bb header_text_align=\u00a0\u00bbright\u00a0\u00bb header_text_color=\u00a0\u00bb#FFFFFF\u00a0\u00bb header_font_size=\u00a0\u00bb60px\u00a0\u00bb header_line_height=\u00a0\u00bb1.2em\u00a0\u00bb background_layout=\u00a0\u00bbdark\u00a0\u00bb custom_margin=\u00a0\u00bb||16px||false|false\u00a0\u00bb header_font_size_tablet=\u00a0\u00bb36px\u00a0\u00bb header_font_size_phone=\u00a0\u00bb24px\u00a0\u00bb header_font_size_last_edited=\u00a0\u00bbon|phone\u00a0\u00bb header_text_shadow_style=\u00a0\u00bbpreset1&Prime; global_colors_info=\u00a0\u00bb{}\u00a0\u00bb]@ET-DC@eyJkeW5hbWljIjp0cnVlLCJjb250ZW50IjoicG9zdF90aXRsZSIsInNldHRpbmdzIjp7ImJlZm9yZSI6IjxoMT4iLCJhZnRlciI6IjxcL2gxPiJ9fQ==@[\/et_pb_text][\/et_pb_column][\/et_pb_row][\/et_pb_section][et_pb_section fb_built=\u00a0\u00bb1&Prime; admin_label=\u00a0\u00bbAbout\u00a0\u00bb _builder_version=\u00a0\u00bb4.19.0&Prime; _module_preset=\u00a0\u00bbdefault\u00a0\u00bb custom_margin=\u00a0\u00bb-5px||||false|false\u00a0\u00bb custom_padding=\u00a0\u00bb||0px|||\u00a0\u00bb global_colors_info=\u00a0\u00bb{}\u00a0\u00bb][et_pb_row column_structure=\u00a0\u00bb1_2,1_2&Prime; _builder_version=\u00a0\u00bb4.19.0&Prime; _module_preset=\u00a0\u00bbdefault\u00a0\u00bb custom_padding=\u00a0\u00bb0px||1px||false|false\u00a0\u00bb global_colors_info=\u00a0\u00bb{}\u00a0\u00bb][et_pb_column type=\u00a0\u00bb1_2&Prime; _builder_version=\u00a0\u00bb4.19.0&Prime; _module_preset=\u00a0\u00bbdefault\u00a0\u00bb custom_padding=\u00a0\u00bb2vw||||false|false\u00a0\u00bb custom_padding_tablet=\u00a0\u00bb0vw||5vw||false|false\u00a0\u00bb custom_padding_phone=\u00a0\u00bb\u00a0\u00bb custom_padding_last_edited=\u00a0\u00bbon|desktop\u00a0\u00bb global_colors_info=\u00a0\u00bb{}\u00a0\u00bb][et_pb_text _builder_version=\u00a0\u00bb4.19.0&Prime; _module_preset=\u00a0\u00bbd5dbb5d4-7ec7-4306-b6c5-1435f277faf4&Prime; header_font=\u00a0\u00bbCandal||||||||\u00a0\u00bb header_text_color=\u00a0\u00bb#000000&Prime; header_font_size=\u00a0\u00bb45px\u00a0\u00bb header_line_height=\u00a0\u00bb1.2em\u00a0\u00bb custom_margin=\u00a0\u00bb||16px||false|false\u00a0\u00bb header_font_size_tablet=\u00a0\u00bb36px\u00a0\u00bb header_font_size_phone=\u00a0\u00bb24px\u00a0\u00bb header_font_size_last_edited=\u00a0\u00bbon|phone\u00a0\u00bb locked=\u00a0\u00bboff\u00a0\u00bb global_colors_info=\u00a0\u00bb{}\u00a0\u00bb]<\/p>\n<h1>Notre Histoire<\/h1>\n<p>[\/et_pb_text][et_pb_image src=\u00a0\u00bbhttps:\/\/www.oirparavivir.com\/wp-content\/uploads\/2022\/11\/online-classroom-02-1.png\u00a0\u00bb title_text=\u00a0\u00bbonline-classroom-02 (1)\u00a0\u00bb _builder_version=\u00a0\u00bb4.19.0&Prime; _module_preset=\u00a0\u00bbdefault\u00a0\u00bb global_colors_info=\u00a0\u00bb{}\u00a0\u00bb][\/et_pb_image][et_pb_text _builder_version=\u00a0\u00bb4.19.0&Prime; _module_preset=\u00a0\u00bb85ec5774-0b51-4075-9641-4e0e2e6ea9dd\u00a0\u00bb text_font=\u00a0\u00bbMontserrat|500|||||||\u00a0\u00bb text_text_color=\u00a0\u00bbrgba(0,0,0,0.6)\u00a0\u00bb text_line_height=\u00a0\u00bb1.8em\u00a0\u00bb text_font_size_tablet=\u00a0\u00bb15px\u00a0\u00bb text_font_size_phone=\u00a0\u00bb14px\u00a0\u00bb text_font_size_last_edited=\u00a0\u00bbon|desktop\u00a0\u00bb global_colors_info=\u00a0\u00bb{}\u00a0\u00bb]<\/p>\n<p>L\u2019association O\u00edr Para Vivir a vu le jour gr\u00e2ce \u00e0 l\u2019histoire personnelle de Nathanael Le Herisse, un Fran\u00e7ais expatri\u00e9 en R\u00e9publique dominicaine depuis 2007. Sa fille Nayely, diagnostiqu\u00e9e sourde profonde \u00e0 l\u2019\u00e2ge de 4 ans, a inspir\u00e9 la cr\u00e9ation de cette initiative remarquable. Sa fille a pu \u00eatre prise en charge \u00e0 100 % par son assurance maladie pour expatri\u00e9 sur les m\u00eames bases qu\u2019en France (appareils auditifs, implant cochl\u00e9aire, orthophonie\u2026). En inscrivant sa fille dans une \u00e9cole sp\u00e9cialis\u00e9, il s\u2019est vite rendu compte du manque de moyens des familles et du manque d\u2019infrastructures dans le pays. Les assurances maladies dominicaines ne prennent pas en charge un simple appareil auditif\u2026 appareil auditif qui peut couter jusqu\u2019\u00e0 2000 \u20ac. Le salaire moyen d\u2019un dominicain \u00e9tant peu \u00e9lev\u00e9, il est donc impossible pour ces familles d\u2019obtenir des appareils auditifs pour leurs enfants! Face \u00e0 ces in\u00e9galit\u00e9s l\u2019association Oir Para Vivir est n\u00e9e.<\/p>\n<p>[\/et_pb_text][\/et_pb_column][et_pb_column type=\u00a0\u00bb1_2&Prime; _builder_version=\u00a0\u00bb4.16&Prime; _module_preset=\u00a0\u00bbdefault\u00a0\u00bb global_colors_info=\u00a0\u00bb{}\u00a0\u00bb][et_pb_image src=\u00a0\u00bbhttps:\/\/www.oirparavivir.com\/wp-content\/uploads\/2022\/11\/Rep_Dom_22-109-scaled.jpg\u00a0\u00bb title_text=\u00a0\u00bbRep_Dom_22 (109)\u00a0\u00bb _builder_version=\u00a0\u00bb4.19.0&Prime; _module_preset=\u00a0\u00bbdefault\u00a0\u00bb custom_margin=\u00a0\u00bb|-10vw|||false|false\u00a0\u00bb global_colors_info=\u00a0\u00bb{}\u00a0\u00bb][\/et_pb_image][\/et_pb_column][\/et_pb_row][\/et_pb_section][et_pb_section fb_built=\u00a0\u00bb1&Prime; specialty=\u00a0\u00bbon\u00a0\u00bb _builder_version=\u00a0\u00bb4.19.0&Prime; _module_preset=\u00a0\u00bbdefault\u00a0\u00bb background_color=\u00a0\u00bb#f9f9f9&Prime; global_colors_info=\u00a0\u00bb{}\u00a0\u00bb][et_pb_column type=\u00a0\u00bb1_2&Prime; specialty_columns=\u00a0\u00bb2&Prime; _builder_version=\u00a0\u00bb4.16&Prime; custom_padding=\u00a0\u00bb|||\u00a0\u00bb global_colors_info=\u00a0\u00bb{}\u00a0\u00bb custom_padding__hover=\u00a0\u00bb|||\u00a0\u00bb][et_pb_row_inner _builder_version=\u00a0\u00bb4.19.0&Prime; _module_preset=\u00a0\u00bbdefault\u00a0\u00bb global_colors_info=\u00a0\u00bb{}\u00a0\u00bb][et_pb_column_inner saved_specialty_column_type=\u00a0\u00bb1_2&Prime; _builder_version=\u00a0\u00bb4.19.0&Prime; _module_preset=\u00a0\u00bbdefault\u00a0\u00bb global_colors_info=\u00a0\u00bb{}\u00a0\u00bb][et_pb_blurb title=\u00a0\u00bbVision\u00a0\u00bb use_icon=\u00a0\u00bbon\u00a0\u00bb font_icon=\u00a0\u00bb&#xf06e;||fa||400&Prime; icon_placement=\u00a0\u00bbleft\u00a0\u00bb _builder_version=\u00a0\u00bb4.19.0&Prime; _module_preset=\u00a0\u00bbdefault\u00a0\u00bb header_level=\u00a0\u00bbh2&Prime; header_font=\u00a0\u00bbCandal||||||||\u00a0\u00bb global_colors_info=\u00a0\u00bb{}\u00a0\u00bb][\/et_pb_blurb][et_pb_text _builder_version=\u00a0\u00bb4.19.0&Prime; _module_preset=\u00a0\u00bb85ec5774-0b51-4075-9641-4e0e2e6ea9dd\u00a0\u00bb text_font=\u00a0\u00bbMontserrat|500|||||||\u00a0\u00bb text_text_color=\u00a0\u00bbrgba(0,0,0,0.6)\u00a0\u00bb text_line_height=\u00a0\u00bb1.8em\u00a0\u00bb text_font_size_tablet=\u00a0\u00bb15px\u00a0\u00bb text_font_size_phone=\u00a0\u00bb14px\u00a0\u00bb text_font_size_last_edited=\u00a0\u00bbon|desktop\u00a0\u00bb locked=\u00a0\u00bboff\u00a0\u00bb global_colors_info=\u00a0\u00bb{}\u00a0\u00bb]<\/p>\n<p>Nous croyons en l\u2019inclusion des personnes malentendantes. Pour cela, nous donnons des aides auditives et nous accompagnons les personnes malentendantes dans leur apprentissage de la langue orale ainsi que de la langue des signes. Nous voulons faire partie des institutions en R\u00e9publique dominicaine qui \u0153uvrent pour que les personnes ayant une d\u00e9ficience auditive aient les m\u00eames opportunit\u00e9s de d\u00e9veloppement que les personnes sans handicap. Nous travaillons pour avoir une soci\u00e9t\u00e9 plus inclusive.<\/p>\n<p>[\/et_pb_text][\/et_pb_column_inner][\/et_pb_row_inner][et_pb_row_inner _builder_version=\u00a0\u00bb4.19.0&Prime; _module_preset=\u00a0\u00bbdefault\u00a0\u00bb global_colors_info=\u00a0\u00bb{}\u00a0\u00bb][et_pb_column_inner saved_specialty_column_type=\u00a0\u00bb1_2&Prime; _builder_version=\u00a0\u00bb4.19.0&Prime; _module_preset=\u00a0\u00bbdefault\u00a0\u00bb global_colors_info=\u00a0\u00bb{}\u00a0\u00bb][et_pb_blurb title=\u00a0\u00bbMission\u00a0\u00bb use_icon=\u00a0\u00bbon\u00a0\u00bb font_icon=\u00a0\u00bb&#xe030;||divi||400&Prime; icon_placement=\u00a0\u00bbleft\u00a0\u00bb _builder_version=\u00a0\u00bb4.19.0&Prime; _module_preset=\u00a0\u00bbdefault\u00a0\u00bb header_level=\u00a0\u00bbh2&Prime; header_font=\u00a0\u00bbCandal||||||||\u00a0\u00bb global_colors_info=\u00a0\u00bb{}\u00a0\u00bb][\/et_pb_blurb][et_pb_text _builder_version=\u00a0\u00bb4.19.0&Prime; _module_preset=\u00a0\u00bb85ec5774-0b51-4075-9641-4e0e2e6ea9dd\u00a0\u00bb text_font=\u00a0\u00bbMontserrat|500|||||||\u00a0\u00bb text_text_color=\u00a0\u00bbrgba(0,0,0,0.6)\u00a0\u00bb text_line_height=\u00a0\u00bb1.8em\u00a0\u00bb text_font_size_tablet=\u00a0\u00bb15px\u00a0\u00bb text_font_size_phone=\u00a0\u00bb14px\u00a0\u00bb text_font_size_last_edited=\u00a0\u00bbon|desktop\u00a0\u00bb locked=\u00a0\u00bboff\u00a0\u00bb global_colors_info=\u00a0\u00bb{}\u00a0\u00bb]<\/p>\n<p>La mission principale de l\u2019association O\u00edr para vivir est de fournir donner aux personnes malentendantes en situation de pr\u00e9carit\u00e9, l\u2019opportunit\u00e9 d\u2019am\u00e9liorer leur qualit\u00e9 de vie, en leur donnant des appareils auditifs et des s\u00e9ances d\u2019orthophonie.<\/p>\n<p>[\/et_pb_text][\/et_pb_column_inner][\/et_pb_row_inner][\/et_pb_column][et_pb_column type=\u00a0\u00bb1_2&Prime; _builder_version=\u00a0\u00bb4.16&Prime; custom_padding=\u00a0\u00bb|||\u00a0\u00bb global_colors_info=\u00a0\u00bb{}\u00a0\u00bb custom_padding__hover=\u00a0\u00bb|||\u00a0\u00bb][et_pb_blurb title=\u00a0\u00bbValeurs\u00a0\u00bb use_icon=\u00a0\u00bbon\u00a0\u00bb font_icon=\u00a0\u00bb&#xf005;||fa||400&Prime; icon_placement=\u00a0\u00bbleft\u00a0\u00bb _builder_version=\u00a0\u00bb4.19.0&Prime; _module_preset=\u00a0\u00bbdefault\u00a0\u00bb header_level=\u00a0\u00bbh2&Prime; header_font=\u00a0\u00bbCandal||||||||\u00a0\u00bb global_colors_info=\u00a0\u00bb{}\u00a0\u00bb][\/et_pb_blurb][et_pb_text _builder_version=\u00a0\u00bb4.19.0&Prime; _module_preset=\u00a0\u00bb85ec5774-0b51-4075-9641-4e0e2e6ea9dd\u00a0\u00bb text_font=\u00a0\u00bbMontserrat|500|||||||\u00a0\u00bb text_text_color=\u00a0\u00bbrgba(0,0,0,0.6)\u00a0\u00bb text_line_height=\u00a0\u00bb1.8em\u00a0\u00bb text_font_size_tablet=\u00a0\u00bb15px\u00a0\u00bb text_font_size_phone=\u00a0\u00bb14px\u00a0\u00bb text_font_size_last_edited=\u00a0\u00bbon|desktop\u00a0\u00bb locked=\u00a0\u00bboff\u00a0\u00bb global_colors_info=\u00a0\u00bb{}\u00a0\u00bb]<\/p>\n<ul>\n<li>Int\u00e9grit\u00e9: tous les fonds collect\u00e9s, dons re\u00e7us, mat\u00e9riels mis \u00e0 notre disposition et tout autre \u00e9l\u00e9ment de cette nature seront utilis\u00e9s et g\u00e9r\u00e9s de mani\u00e8re responsable et dans le seul but de mener \u00e0 bien notre mission.<\/li>\n<li>Travail en \u00e9quipe : l\u2019int\u00e9gration de notre personnel dans les \u00e9tablissements d\u2019enseignement, avec les membres de la famille et les organismes impliqu\u00e9s dans notre programme est notre priorit\u00e9. Nous reconnaissons que l\u2019int\u00e9gration sociale des personnes ayant une d\u00e9ficience auditive n\u00e9cessitent un soutien.<\/li>\n<li>Autonomisation : nous souhaitons fournir aux enfants, adolescents et adultes les outils n\u00e9cessaires en fonction de leur handicap, afin qu&rsquo;avec des bases appropri\u00e9es, ils puissent ensuite se d\u00e9velopper de mani\u00e8re autonome et devenir des acteurs productifs pour la soci\u00e9t\u00e9.<\/li>\n<li>Solidarit\u00e9 : nos actions visent \u00e0 accompagner les personnes malentendantes en situation de pr\u00e9carit\u00e9 sociale sans qu\u2019elles aient \u00e0 verser en retour une quelconque forme de r\u00e9mun\u00e9ration.<\/li>\n<li>Service de qualit\u00e9 : donner des soins de qualit\u00e9 \u00e0 chacune des personnes malentendantes recevant notre soutient.<\/li>\n<\/ul>\n<p>[\/et_pb_text][\/et_pb_column][\/et_pb_section][et_pb_section fb_built=\u00a0\u00bb1&Prime; admin_label=\u00a0\u00bbSub-footer\u00a0\u00bb _builder_version=\u00a0\u00bb4.19.0&Prime; _module_preset=\u00a0\u00bbdefault\u00a0\u00bb custom_padding=\u00a0\u00bb0px||0px||true|false\u00a0\u00bb global_module=\u00a0\u00bb124&Prime; saved_tabs=\u00a0\u00bball\u00a0\u00bb locked=\u00a0\u00bboff\u00a0\u00bb global_colors_info=\u00a0\u00bb{}\u00a0\u00bb][et_pb_row column_structure=\u00a0\u00bb2_5,3_5&Prime; use_custom_gutter=\u00a0\u00bbon\u00a0\u00bb gutter_width=\u00a0\u00bb1&Prime; make_equal=\u00a0\u00bbon\u00a0\u00bb _builder_version=\u00a0\u00bb4.19.0&Prime; _module_preset=\u00a0\u00bbdefault\u00a0\u00bb width=\u00a0\u00bb100%\u00a0\u00bb max_width=\u00a0\u00bbnone\u00a0\u00bb custom_padding=\u00a0\u00bb0px||0px||true|false\u00a0\u00bb global_colors_info=\u00a0\u00bb{}\u00a0\u00bb][et_pb_column type=\u00a0\u00bb2_5&Prime; _builder_version=\u00a0\u00bb4.19.0&Prime; _module_preset=\u00a0\u00bbdefault\u00a0\u00bb background_color=\u00a0\u00bb#f9f9f9&Prime; background_enable_image=\u00a0\u00bboff\u00a0\u00bb background_position=\u00a0\u00bbtop_center\u00a0\u00bb custom_padding=\u00a0\u00bb5vw|8vw|5vw|8vw|true|true\u00a0\u00bb custom_padding_tablet=\u00a0\u00bb8vw|30px||30px|false|true\u00a0\u00bb custom_padding_phone=\u00a0\u00bb|20px||20px|false|true\u00a0\u00bb custom_padding_last_edited=\u00a0\u00bbon|phone\u00a0\u00bb global_colors_info=\u00a0\u00bb{}\u00a0\u00bb][et_pb_text _builder_version=\u00a0\u00bb4.19.4&Prime; _module_preset=\u00a0\u00bba14a3070-0f27-4166-b303-92f53a7af324&Prime; header_2_font=\u00a0\u00bbCandal||||||||\u00a0\u00bb header_2_text_color=\u00a0\u00bb#000000&Prime; header_2_font_size=\u00a0\u00bb42px\u00a0\u00bb header_2_line_height=\u00a0\u00bb1.2em\u00a0\u00bb header_2_text_align_tablet=\u00a0\u00bbcenter\u00a0\u00bb header_2_text_align_phone=\u00a0\u00bbcenter\u00a0\u00bb header_2_text_align_last_edited=\u00a0\u00bbon|tablet\u00a0\u00bb header_2_font_size_tablet=\u00a0\u00bb30px\u00a0\u00bb header_2_font_size_phone=\u00a0\u00bb20px\u00a0\u00bb header_2_font_size_last_edited=\u00a0\u00bbon|tablet\u00a0\u00bb global_colors_info=\u00a0\u00bb{}\u00a0\u00bb]<\/p>\n<h2>Comment Aider<\/h2>\n<p>[\/et_pb_text][et_pb_image src=\u00a0\u00bbhttps:\/\/www.oirparavivir.com\/wp-content\/uploads\/2022\/11\/online-classroom-02-1.png\u00a0\u00bb title_text=\u00a0\u00bbonline-classroom-02 (1)\u00a0\u00bb align_tablet=\u00a0\u00bbcenter\u00a0\u00bb align_phone=\u00a0\u00bb\u00a0\u00bb align_last_edited=\u00a0\u00bbon|phone\u00a0\u00bb _builder_version=\u00a0\u00bb4.19.1&Prime; _module_preset=\u00a0\u00bbdefault\u00a0\u00bb global_colors_info=\u00a0\u00bb{}\u00a0\u00bb][\/et_pb_image][et_pb_blurb use_icon=\u00a0\u00bbon\u00a0\u00bb font_icon=\u00a0\u00bb&#xe090;||divi||400&Prime; icon_color=\u00a0\u00bb#000000&Prime; icon_placement=\u00a0\u00bbleft\u00a0\u00bb image_icon_width=\u00a0\u00bb16px\u00a0\u00bb content_max_width=\u00a0\u00bb100%\u00a0\u00bb _builder_version=\u00a0\u00bb4.19.0&Prime; _module_preset=\u00a0\u00bbdefault\u00a0\u00bb body_font=\u00a0\u00bbMontserrat|500|||||||\u00a0\u00bb body_text_color=\u00a0\u00bb#000000&Prime; body_font_size=\u00a0\u00bb16px\u00a0\u00bb body_line_height=\u00a0\u00bb1.2em\u00a0\u00bb body_link_text_color=\u00a0\u00bb#2a2a2a\u00a0\u00bb max_width=\u00a0\u00bb510px\u00a0\u00bb custom_margin=\u00a0\u00bb20px||||false|false\u00a0\u00bb animation=\u00a0\u00bboff\u00a0\u00bb icon_font_size=\u00a0\u00bb16px\u00a0\u00bb global_colors_info=\u00a0\u00bb{}\u00a0\u00bb]<\/p>\n<p><strong>+1 (829) 750-3644<\/strong><\/p>\n<p>[\/et_pb_blurb][et_pb_blurb use_icon=\u00a0\u00bbon\u00a0\u00bb font_icon=\u00a0\u00bb&#xe076;||divi||400&Prime; icon_color=\u00a0\u00bb#000000&Prime; icon_placement=\u00a0\u00bbleft\u00a0\u00bb image_icon_width=\u00a0\u00bb16px\u00a0\u00bb content_max_width=\u00a0\u00bb100%\u00a0\u00bb _builder_version=\u00a0\u00bb4.19.0&Prime; _module_preset=\u00a0\u00bbdefault\u00a0\u00bb body_font=\u00a0\u00bbMontserrat|500|||||||\u00a0\u00bb body_text_color=\u00a0\u00bb#000000&Prime; body_font_size=\u00a0\u00bb16px\u00a0\u00bb body_line_height=\u00a0\u00bb1.2em\u00a0\u00bb body_link_text_color=\u00a0\u00bb#2a2a2a\u00a0\u00bb max_width=\u00a0\u00bb510px\u00a0\u00bb custom_margin=\u00a0\u00bb20px||||false|false\u00a0\u00bb animation=\u00a0\u00bboff\u00a0\u00bb icon_font_size=\u00a0\u00bb16px\u00a0\u00bb global_colors_info=\u00a0\u00bb{}\u00a0\u00bb]<\/p>\n<p><strong>info@oirparavivir.com<\/strong><\/p>\n<p>[\/et_pb_blurb][et_pb_button button_url=\u00a0\u00bbhttps:\/\/www.oirparavivir.com\/fr\/nous-contacter\/\u00a0\u00bb button_text=\u00a0\u00bbNous Contacter\u00a0\u00bb button_alignment_tablet=\u00a0\u00bbcenter\u00a0\u00bb button_alignment_phone=\u00a0\u00bbcenter\u00a0\u00bb button_alignment_last_edited=\u00a0\u00bbon|tablet\u00a0\u00bb _builder_version=\u00a0\u00bb4.19.4&Prime; _module_preset=\u00a0\u00bbdefault\u00a0\u00bb custom_button=\u00a0\u00bbon\u00a0\u00bb button_text_size=\u00a0\u00bb14px\u00a0\u00bb button_text_color=\u00a0\u00bb#FFFFFF\u00a0\u00bb button_bg_color=\u00a0\u00bb#e55c25&Prime; button_border_width=\u00a0\u00bb10px\u00a0\u00bb button_border_color=\u00a0\u00bb#e55c25&Prime; button_border_radius=\u00a0\u00bb0px\u00a0\u00bb button_letter_spacing=\u00a0\u00bb0.2em\u00a0\u00bb button_font=\u00a0\u00bbMontserrat|800||on|||||\u00a0\u00bb custom_margin=\u00a0\u00bb20px||||false|false\u00a0\u00bb box_shadow_style=\u00a0\u00bbpreset4&Prime; box_shadow_horizontal=\u00a0\u00bb5px\u00a0\u00bb box_shadow_vertical=\u00a0\u00bb6px\u00a0\u00bb box_shadow_color=\u00a0\u00bb#000000&Prime; global_colors_info=\u00a0\u00bb{}\u00a0\u00bb][\/et_pb_button][\/et_pb_column][et_pb_column type=\u00a0\u00bb3_5&Prime; _builder_version=\u00a0\u00bb4.19.0&Prime; _module_preset=\u00a0\u00bbdefault\u00a0\u00bb background_color=\u00a0\u00bb#000000&Prime; background_enable_image=\u00a0\u00bboff\u00a0\u00bb background_position=\u00a0\u00bbtop_center\u00a0\u00bb custom_padding=\u00a0\u00bb5vw|7vw|5vw|7vw|true|true\u00a0\u00bb custom_padding_tablet=\u00a0\u00bb8vw|30px||30px|false|true\u00a0\u00bb custom_padding_phone=\u00a0\u00bb|20px||20px|false|true\u00a0\u00bb custom_padding_last_edited=\u00a0\u00bbon|phone\u00a0\u00bb global_colors_info=\u00a0\u00bb{}\u00a0\u00bb][et_pb_text _builder_version=\u00a0\u00bb4.19.1&Prime; _module_preset=\u00a0\u00bba14a3070-0f27-4166-b303-92f53a7af324&Prime; text_text_color=\u00a0\u00bb#FFFFFF\u00a0\u00bb header_2_font=\u00a0\u00bbCandal||||||||\u00a0\u00bb header_2_text_color=\u00a0\u00bb#FFFFFF\u00a0\u00bb header_2_font_size=\u00a0\u00bb42px\u00a0\u00bb header_2_line_height=\u00a0\u00bb1.2em\u00a0\u00bb header_2_text_align_tablet=\u00a0\u00bbcenter\u00a0\u00bb header_2_text_align_phone=\u00a0\u00bbcenter\u00a0\u00bb header_2_text_align_last_edited=\u00a0\u00bbon|tablet\u00a0\u00bb header_2_font_size_tablet=\u00a0\u00bb30px\u00a0\u00bb header_2_font_size_phone=\u00a0\u00bb20px\u00a0\u00bb header_2_font_size_last_edited=\u00a0\u00bbon|tablet\u00a0\u00bb global_colors_info=\u00a0\u00bb{}\u00a0\u00bb]<\/p>\n<h2>Restez au Courant de Nos Actualit\u00e9s<\/h2>\n<p>[\/et_pb_text][et_pb_signup mailchimp_list=\u00a0\u00bbNathana\u00ebl Le Heriss\u00e9|12b9418086&Prime; layout=\u00a0\u00bbtop_bottom\u00a0\u00bb name_field=\u00a0\u00bbon\u00a0\u00bb _builder_version=\u00a0\u00bb4.20.0&Prime; _module_preset=\u00a0\u00bbdefault\u00a0\u00bb form_field_font=\u00a0\u00bbMontserrat|500|||||||\u00a0\u00bb form_field_font_size=\u00a0\u00bb14px\u00a0\u00bb use_background_color=\u00a0\u00bboff\u00a0\u00bb custom_button=\u00a0\u00bbon\u00a0\u00bb button_text_size=\u00a0\u00bb14px\u00a0\u00bb button_text_color=\u00a0\u00bb#FFFFFF\u00a0\u00bb button_bg_color=\u00a0\u00bb#e55c25&Prime; button_border_width=\u00a0\u00bb0px\u00a0\u00bb button_border_radius=\u00a0\u00bb0px\u00a0\u00bb button_letter_spacing=\u00a0\u00bb0.2em\u00a0\u00bb button_font=\u00a0\u00bbCandal|||on|||||\u00a0\u00bb button_icon=\u00a0\u00bb&#x45;||divi||400&Prime; button_custom_padding=\u00a0\u00bb11px|40px|15px|40px|false|true\u00a0\u00bb max_width=\u00a0\u00bb576px\u00a0\u00bb module_alignment=\u00a0\u00bbleft\u00a0\u00bb hover_enabled=\u00a0\u00bb0&Prime; button_text_size_tablet=\u00a0\u00bb16px\u00a0\u00bb button_text_size_phone=\u00a0\u00bb14px\u00a0\u00bb button_text_size_last_edited=\u00a0\u00bboff|desktop\u00a0\u00bb module_alignment_tablet=\u00a0\u00bbcenter\u00a0\u00bb module_alignment_phone=\u00a0\u00bbcenter\u00a0\u00bb module_alignment_last_edited=\u00a0\u00bbon|tablet\u00a0\u00bb border_radii_fields=\u00a0\u00bbon|0px|0px|0px|0px\u00a0\u00bb global_colors_info=\u00a0\u00bb{}\u00a0\u00bb sticky_enabled=\u00a0\u00bb0&Prime;][\/et_pb_signup][et_pb_code _builder_version=\u00a0\u00bb4.19.4&Prime; _module_preset=\u00a0\u00bbdefault\u00a0\u00bb global_colors_info=\u00a0\u00bb{}\u00a0\u00bb][wpforms id=\u00a0\u00bb1728&Prime;][\/et_pb_code][\/et_pb_column][\/et_pb_row][\/et_pb_section]<\/p>\n","protected":false},"excerpt":{"rendered":"<p>Notre HistoireL\u2019association O\u00edr Para Vivir a vu le jour gr\u00e2ce \u00e0 l\u2019histoire personnelle de Nathanael Le Herisse, un Fran\u00e7ais expatri\u00e9 en R\u00e9publique dominicaine depuis 2007. Sa fille Nayely, diagnostiqu\u00e9e sourde profonde \u00e0 l\u2019\u00e2ge de 4 ans, a inspir\u00e9 la cr\u00e9ation de cette initiative remarquable. Sa fille a pu \u00eatre prise en charge \u00e0 100 % [&hellip;]<\/p>\n","protected":false},"author":2,"featured_media":0,"parent":0,"menu_order":0,"comment_status":"closed","ping_status":"closed","template":"","meta":{"_et_pb_use_builder":"on","_et_pb_old_content":"","_et_gb_content_width":"","footnotes":""},"class_list":["post-1367","page","type-page","status-publish","hentry"],"_links":{"self":[{"href":"https:\/\/www.oirparavivir.com\/fr\/wp-json\/wp\/v2\/pages\/1367","targetHints":{"allow":["GET"]}}],"collection":[{"href":"https:\/\/www.oirparavivir.com\/fr\/wp-json\/wp\/v2\/pages"}],"about":[{"href":"https:\/\/www.oirparavivir.com\/fr\/wp-json\/wp\/v2\/types\/page"}],"author":[{"embeddable":true,"href":"https:\/\/www.oirparavivir.com\/fr\/wp-json\/wp\/v2\/users\/2"}],"replies":[{"embeddable":true,"href":"https:\/\/www.oirparavivir.com\/fr\/wp-json\/wp\/v2\/comments?post=1367"}],"version-history":[{"count":60,"href":"https:\/\/www.oirparavivir.com\/fr\/wp-json\/wp\/v2\/pages\/1367\/revisions"}],"predecessor-version":[{"id":3855,"href":"https:\/\/www.oirparavivir.com\/fr\/wp-json\/wp\/v2\/pages\/1367\/revisions\/3855"}],"wp:attachment":[{"href":"https:\/\/www.oirparavivir.com\/fr\/wp-json\/wp\/v2\/media?parent=1367"}],"curies":[{"name":"wp","href":"https:\/\/api.w.org\/{rel}","templated":true}]}}